{"id":1317,"date":"2016-11-21T15:39:39","date_gmt":"2016-11-21T15:39:39","guid":{"rendered":"https:\/\/eeagrants.cig.gov.pt\/assedio-sexual-e-moral-no-local-de-trabalho\/"},"modified":"2017-03-28T08:29:07","modified_gmt":"2017-03-28T08:29:07","slug":"sexual-and-moral-harassment-in-the-workplace","status":"publish","type":"page","link":"https:\/\/eeagrants.cig.gov.pt\/en\/resultados\/sexual-and-moral-harassment-in-the-workplace\/","title":{"rendered":"Sexual and Moral Harassment in the Workplace"},"content":{"rendered":"<p>&nbsp;<\/p>\n<p><img loading=\"lazy\" class=\"aligncenter size-full wp-image-853\" src=\"https:\/\/eeagrants.cig.gov.pt\/wp-content\/uploads\/2016\/11\/assedio2.png\" alt=\"Ass\u00e9dio Sexual e Moral no Local de Trabalho\" width=\"214\" height=\"220\" \/><img loading=\"lazy\" class=\"aligncenter size-full wp-image-854\" src=\"https:\/\/eeagrants.cig.gov.pt\/wp-content\/uploads\/2016\/11\/assediologos2.png\" alt=\"Ass\u00e9dio Sexual e Moral no Local de Trabalho\" width=\"605\" height=\"269\" srcset=\"https:\/\/eeagrants.cig.gov.pt\/wp-content\/uploads\/2016\/11\/assediologos2.png 605w, https:\/\/eeagrants.cig.gov.pt\/wp-content\/uploads\/2016\/11\/assediologos2-300x133.png 300w\" sizes=\"(max-width: 605px) 100vw, 605px\" \/><\/p>\n<p>&nbsp;<\/p>\n<p><img loading=\"lazy\" class=\"alignnone wp-image-961 size-full\" src=\"https:\/\/eeagrants.cig.gov.pt\/wp-content\/uploads\/2016\/11\/titrelatorioo.png\" alt=\"Produtos: Relat\u00f3rio\" width=\"111\" height=\"29\" \/><\/p>\n<p><img loading=\"lazy\" class=\"alignnone size-full wp-image-964\" style=\"border: 1px solid black;\" src=\"https:\/\/eeagrants.cig.gov.pt\/wp-content\/uploads\/2017\/03\/capa_assedio_1.jpg\" alt=\"Relat\u00f3rio de diagn\u00f3stico e caracteriza\u00e7\u00e3o do ass\u00e9dio sexual e moral no local de trabalho em Portugal\" width=\"226\" height=\"320\" \/><br \/>\n<a href=\"http:\/\/cite.gov.pt\/asstscite\/downloads\/publics\/Assedio_Sexual_Moral_Local_Trabalho.pdf\" target=\"_blank\">Study on sexual and moral harassment in the workplace in Portugal<\/a><\/p>\n<p>&nbsp;<br \/>\n<img loading=\"lazy\" class=\"alignnone size-full wp-image-964\" style=\"border: 1px solid black;\" src=\"https:\/\/eeagrants.cig.gov.pt\/wp-content\/uploads\/2017\/03\/capa_assedio_policy_en.jpg\" alt=\"Relat\u00f3rio de diagn\u00f3stico e caracteriza\u00e7\u00e3o do ass\u00e9dio sexual e moral no local de trabalho em Portugal\" width=\"226\" height=\"320\" \/><br \/>\n<a href=\"http:\/\/cite.gov.pt\/asstscite\/images\/fotosassedio\/Policy_Brief_Sexual_Harassment_and_Bullyng.pdf\" target=\"_blank\">Policy brief with the main indicators on sexual and moral harassment in the workplace in Portugal<\/a><\/p>\n<p>&nbsp;<br \/>\n<img loading=\"lazy\" class=\"alignnone wp-image-962 size-full\" src=\"https:\/\/eeagrants.cig.gov.pt\/wp-content\/uploads\/2016\/11\/titdenuncia.png\" alt=\"Produtos: Den\u00fancia de Ass\u00e9dio\" width=\"226\" height=\"29\" \/><\/p>\n<p><img loading=\"lazy\" class=\"alignnone size-full wp-image-965\" src=\"https:\/\/eeagrants.cig.gov.pt\/wp-content\/uploads\/2016\/11\/bside01.png\" alt=\"Formul\u00e1rio para Den\u00fancia de Ass\u00e9dio\" width=\"330\" height=\"194\" srcset=\"https:\/\/eeagrants.cig.gov.pt\/wp-content\/uploads\/2016\/11\/bside01.png 330w, https:\/\/eeagrants.cig.gov.pt\/wp-content\/uploads\/2016\/11\/bside01-300x176.png 300w\" sizes=\"(max-width: 330px) 100vw, 330px\" \/><\/p>\n<ul>\n<li><a href=\"https:\/\/assedio.cite.pt\/denunciar-assedio\/\" target=\"_blank\">Formul\u00e1rio para Den\u00fancia de Ass\u00e9dio<\/a><\/li>\n<\/ul>\n<p>&nbsp;<\/p>\n<p><img loading=\"lazy\" class=\"alignnone wp-image-963 size-full\" src=\"https:\/\/eeagrants.cig.gov.pt\/wp-content\/uploads\/2016\/11\/titatividades.png\" alt=\"Produtos: Atividades\" width=\"120\" height=\"29\" \/><\/p>\n<p><img loading=\"lazy\" class=\"alignnone size-full wp-image-967\" src=\"https:\/\/eeagrants.cig.gov.pt\/wp-content\/uploads\/2016\/11\/workshopassedio.jpg\" alt=\"Workshop sobre os resultados do diagn\u00f3stico ao ass\u00e9dio em Portugal\" width=\"460\" height=\"248\" srcset=\"https:\/\/eeagrants.cig.gov.pt\/wp-content\/uploads\/2016\/11\/workshopassedio.jpg 460w, https:\/\/eeagrants.cig.gov.pt\/wp-content\/uploads\/2016\/11\/workshopassedio-300x162.jpg 300w\" sizes=\"(max-width: 460px) 100vw, 460px\" \/><\/p>\n<ul>\n<li><a href=\"https:\/\/assedio.cite.pt\/projetos-eea-grants\/assedio-sexual-e-moral-no-local-de-trabalho\/atividades\/workshop-sobre-os-resultados-do-diagnostico-ao-assedio-em-portugal\/\" target=\"_blank\">Workshop sobre os resultados do diagn\u00f3stico ao ass\u00e9dio em Portugal<\/a><\/li>\n<\/ul>\n<p><img loading=\"lazy\" class=\"alignnone size-full wp-image-968\" src=\"https:\/\/eeagrants.cig.gov.pt\/wp-content\/uploads\/2016\/11\/semfinalassedio.jpg\" alt=\"Semin\u00e1rio final\" width=\"460\" height=\"248\" srcset=\"https:\/\/eeagrants.cig.gov.pt\/wp-content\/uploads\/2016\/11\/semfinalassedio.jpg 460w, https:\/\/eeagrants.cig.gov.pt\/wp-content\/uploads\/2016\/11\/semfinalassedio-300x162.jpg 300w\" sizes=\"(max-width: 460px) 100vw, 460px\" \/><\/p>\n<ul>\n<li><a href=\"https:\/\/assedio.cite.pt\/projetos-eea-grants\/assedio-sexual-e-moral-no-local-de-trabalho\/atividades\/seminario-final-do-projeto\/\" target=\"_blank\">Semin\u00e1rio final do projeto<\/a><\/li>\n<\/ul>\n<p>&nbsp;<\/p>\n<p><a href=\"https:\/\/assedio.cite.pt\/\" target=\"_blank\"><img loading=\"lazy\" class=\"aligncenter wp-image-755 size-full\" src=\"https:\/\/eeagrants.cig.gov.pt\/wp-content\/uploads\/2017\/03\/visitar3_en.png\" alt=\"Ass\u00e9dio Sexual e Moral no Local de Trabalho\" width=\"600\" height=\"647\" \/><\/a><\/p>\n","protected":false},"excerpt":{"rendered":"<p>&nbsp; &nbsp; Study on sexual and moral harassment in the workplace in Portugal &nbsp; Policy brief with the main indicators on sexual and moral harassment in the workplace in Portugal &nbsp; Formul\u00e1rio para Den\u00fancia de Ass\u00e9dio &nbsp; Workshop sobre os resultados do diagn\u00f3stico ao ass\u00e9dio em Portugal Semin\u00e1rio final do projeto &nbsp;<\/p>\n","protected":false},"author":2,"featured_media":0,"parent":1377,"menu_order":0,"comment_status":"closed","ping_status":"closed","template":"","meta":{"_genesis_hide_title":false,"_genesis_hide_breadcrumbs":false,"_genesis_hide_singular_image":false,"_genesis_hide_footer_widgets":false,"_genesis_custom_body_class":"","_genesis_custom_post_class":"","_genesis_layout":""},"_links":{"self":[{"href":"https:\/\/eeagrants.cig.gov.pt\/en\/wp-json\/wp\/v2\/pages\/1317"}],"collection":[{"href":"https:\/\/eeagrants.cig.gov.pt\/en\/wp-json\/wp\/v2\/pages"}],"about":[{"href":"https:\/\/eeagrants.cig.gov.pt\/en\/wp-json\/wp\/v2\/types\/page"}],"author":[{"embeddable":true,"href":"https:\/\/eeagrants.cig.gov.pt\/en\/wp-json\/wp\/v2\/users\/2"}],"replies":[{"embeddable":true,"href":"https:\/\/eeagrants.cig.gov.pt\/en\/wp-json\/wp\/v2\/comments?post=1317"}],"version-history":[{"count":6,"href":"https:\/\/eeagrants.cig.gov.pt\/en\/wp-json\/wp\/v2\/pages\/1317\/revisions"}],"predecessor-version":[{"id":2262,"href":"https:\/\/eeagrants.cig.gov.pt\/en\/wp-json\/wp\/v2\/pages\/1317\/revisions\/2262"}],"up":[{"embeddable":true,"href":"https:\/\/eeagrants.cig.gov.pt\/en\/wp-json\/wp\/v2\/pages\/1377"}],"wp:attachment":[{"href":"https:\/\/eeagrants.cig.gov.pt\/en\/wp-json\/wp\/v2\/media?parent=1317"}],"curies":[{"name":"wp","href":"https:\/\/api.w.org\/{rel}","templated":true}]}}